{"id":69,"date":"2015-07-02T13:14:09","date_gmt":"2015-07-02T12:14:09","guid":{"rendered":"http:\/\/magriffeetmaplume.com\/?page_id=69"},"modified":"2018-04-16T11:31:17","modified_gmt":"2018-04-16T10:31:17","slug":"page-daccueil","status":"publish","type":"page","link":"https:\/\/magriffeetmaplume.com\/","title":{"rendered":"page d&rsquo;accueil"},"content":{"rendered":"<p>[et_pb_section bb_built=\u00a0\u00bb1&Prime; fullwidth=\u00a0\u00bboff\u00a0\u00bb specialty=\u00a0\u00bboff\u00a0\u00bb transparent_background=\u00a0\u00bboff\u00a0\u00bb allow_player_pause=\u00a0\u00bboff\u00a0\u00bb inner_shadow=\u00a0\u00bboff\u00a0\u00bb parallax=\u00a0\u00bboff\u00a0\u00bb parallax_method=\u00a0\u00bboff\u00a0\u00bb padding_mobile=\u00a0\u00bboff\u00a0\u00bb make_fullwidth=\u00a0\u00bboff\u00a0\u00bb use_custom_width=\u00a0\u00bboff\u00a0\u00bb width_unit=\u00a0\u00bbon\u00a0\u00bb make_equal=\u00a0\u00bboff\u00a0\u00bb use_custom_gutter=\u00a0\u00bboff\u00a0\u00bb _builder_version=\u00a0\u00bb3.0.69&Prime;][et_pb_row make_fullwidth=\u00a0\u00bboff\u00a0\u00bb use_custom_width=\u00a0\u00bboff\u00a0\u00bb width_unit=\u00a0\u00bbon\u00a0\u00bb use_custom_gutter=\u00a0\u00bboff\u00a0\u00bb padding_mobile=\u00a0\u00bboff\u00a0\u00bb allow_player_pause=\u00a0\u00bboff\u00a0\u00bb parallax=\u00a0\u00bboff\u00a0\u00bb parallax_method=\u00a0\u00bboff\u00a0\u00bb make_equal=\u00a0\u00bbon\u00a0\u00bb column_padding_mobile=\u00a0\u00bbon\u00a0\u00bb background_position=\u00a0\u00bbtop_left\u00a0\u00bb background_repeat=\u00a0\u00bbrepeat\u00a0\u00bb background_size=\u00a0\u00bbinitial\u00a0\u00bb][et_pb_column type=\u00a0\u00bb1_4&Prime;][et_pb_image global_parent=\u00a0\u00bb989&Prime; src=\u00a0\u00bbhttp:\/\/magriffeetmaplume.com\/wp-content\/uploads\/2015\/07\/LOGOMagriffe1.png\u00a0\u00bb show_in_lightbox=\u00a0\u00bboff\u00a0\u00bb url_new_window=\u00a0\u00bbon\u00a0\u00bb animation=\u00a0\u00bbleft\u00a0\u00bb sticky=\u00a0\u00bbon\u00a0\u00bb align=\u00a0\u00bbcenter\u00a0\u00bb force_fullwidth=\u00a0\u00bboff\u00a0\u00bb always_center_on_mobile=\u00a0\u00bbon\u00a0\u00bb use_border_color=\u00a0\u00bboff\u00a0\u00bb border_color=\u00a0\u00bb#ffffff\u00a0\u00bb border_style=\u00a0\u00bbsolid\u00a0\u00bb url=\u00a0\u00bbhttp:\/\/magriffeetmaplume.com\u00a0\u00bb]<\/p>\n<p>&nbsp;<\/p>\n<p>[\/et_pb_image][\/et_pb_column][et_pb_column type=\u00a0\u00bb1_2&Prime;][et_pb_text global_parent=\u00a0\u00bb989&Prime; background_layout=\u00a0\u00bblight\u00a0\u00bb text_orientation=\u00a0\u00bbcenter\u00a0\u00bb use_border_color=\u00a0\u00bboff\u00a0\u00bb border_color=\u00a0\u00bb#ffffff\u00a0\u00bb border_style=\u00a0\u00bbsolid\u00a0\u00bb custom_margin=\u00a0\u00bb45px|||\u00a0\u00bb background_position=\u00a0\u00bbtop_left\u00a0\u00bb background_repeat=\u00a0\u00bbrepeat\u00a0\u00bb background_size=\u00a0\u00bbinitial\u00a0\u00bb]<\/p>\n<h3><a style=\"color: #ffcc00;\" href=\"http:\/\/magriffeetmaplume.com\/\">Communication web et print<\/a><\/h3>\n<p>[\/et_pb_text][\/et_pb_column][et_pb_column type=\u00a0\u00bb1_4&Prime;][\/et_pb_column][\/et_pb_row][\/et_pb_section][et_pb_section bb_built=\u00a0\u00bb1&Prime; admin_label=\u00a0\u00bbsection\u00a0\u00bb background_color=\u00a0\u00bb#ffffff\u00a0\u00bb inner_shadow=\u00a0\u00bboff\u00a0\u00bb parallax=\u00a0\u00bboff\u00a0\u00bb transparent_background=\u00a0\u00bboff\u00a0\u00bb allow_player_pause=\u00a0\u00bboff\u00a0\u00bb parallax_method=\u00a0\u00bboff\u00a0\u00bb padding_mobile=\u00a0\u00bboff\u00a0\u00bb make_fullwidth=\u00a0\u00bboff\u00a0\u00bb use_custom_width=\u00a0\u00bboff\u00a0\u00bb width_unit=\u00a0\u00bbon\u00a0\u00bb make_equal=\u00a0\u00bboff\u00a0\u00bb use_custom_gutter=\u00a0\u00bboff\u00a0\u00bb][et_pb_row admin_label=\u00a0\u00bbrow\u00a0\u00bb background_position=\u00a0\u00bbtop_left\u00a0\u00bb background_repeat=\u00a0\u00bbrepeat\u00a0\u00bb background_size=\u00a0\u00bbinitial\u00a0\u00bb][et_pb_column type=\u00a0\u00bb1_2&Prime;][et_pb_text admin_label=\u00a0\u00bbTexte je vous conseille\u00a0\u00bb background_layout=\u00a0\u00bblight\u00a0\u00bb text_orientation=\u00a0\u00bbleft\u00a0\u00bb use_border_color=\u00a0\u00bboff\u00a0\u00bb border_color=\u00a0\u00bb#ffffff\u00a0\u00bb border_style=\u00a0\u00bbsolid\u00a0\u00bb background_position=\u00a0\u00bbtop_left\u00a0\u00bb background_repeat=\u00a0\u00bbrepeat\u00a0\u00bb background_size=\u00a0\u00bbinitial\u00a0\u00bb]<\/p>\n<p>Je\u00a0vous conseille et vous guide dans le choix de <strong>la communication la plus adapt\u00e9e \u00e0 votre activit\u00e9 et \u00e0 votre budget<\/strong>. En me mettant <strong>\u00e0 l&rsquo;\u00e9coute<\/strong>\u00a0de\u00a0vos besoins, pour\u00a0vous proposer une offre\u00a0personnalis\u00e9e et globale,\u00a0des supports et\u00a0des\u00a0outils qui correspondront aux objectifs de votre entreprise\u00a0comme \u00e0 votre\u00a0personnalit\u00e9. Vous cherchez \u00e0 d\u00e9marrer, am\u00e9liorer\u00a0votre pr\u00e9sence sur internet&#160;? Je\u00a0r\u00e9alise\u00a0votre site ou effectue\u00a0les corrections et\u00a0am\u00e9nagements n\u00e9cessaires.\u00a0De la charte graphique \u00e0 l&rsquo;organisation du contenu des pages, je suis attentive \u00e0 vos souhaits tout en vous conseillant pour un maximum d&rsquo;efficacit\u00e9 et de visibilit\u00e9&#160;!<\/p>\n<p>[\/et_pb_text][\/et_pb_column][et_pb_column type=\u00a0\u00bb1_2&Prime;][et_pb_text background_layout=\u00a0\u00bblight\u00a0\u00bb text_orientation=\u00a0\u00bbleft\u00a0\u00bb use_border_color=\u00a0\u00bboff\u00a0\u00bb border_color=\u00a0\u00bb#ffffff\u00a0\u00bb border_style=\u00a0\u00bbsolid\u00a0\u00bb background_position=\u00a0\u00bbtop_left\u00a0\u00bb background_repeat=\u00a0\u00bbrepeat\u00a0\u00bb background_size=\u00a0\u00bbinitial\u00a0\u00bb]<\/p>\n<p>Je\u00a0r\u00e9dige pour vous\u00a0des textes\u00a0adapt\u00e9s au web,\u00a0<strong>clairs, vivants et agr\u00e9able \u00e0 lire<\/strong>, et mettant en valeur votre activit\u00e9. A l&rsquo;heure o\u00f9 une pr\u00e9sence sur les r\u00e9seaux sociaux est devenue quasi indispensable pour les entreprises, je vous apporte mes conseils et r\u00e9pond \u00e0 vos besoins en formation dans ce domaine. <strong>Cr\u00e9ation, animation ou formation<\/strong>, tout est possible en ce qui concerne vos pages facebook&#160;! Ma griffe et ma plume, r\u00e9alise aussi\u00a0tout <strong>document imprim\u00e9<\/strong> indispensable \u00e0 une bonne communication&#160;: flyers, affiches, plaquettes, brochures, guides, etc.<br \/>\nRetrouvez aussi sur le blog mes interviews d&rsquo;entrepreneurs, de Combourg, de Bretagne ou ailleurs&#8230;<\/p>\n<p>[\/et_pb_text][\/et_pb_column][\/et_pb_row][et_pb_row admin_label=\u00a0\u00bbrow\u00a0\u00bb background_position=\u00a0\u00bbtop_left\u00a0\u00bb background_repeat=\u00a0\u00bbrepeat\u00a0\u00bb background_size=\u00a0\u00bbinitial\u00a0\u00bb][et_pb_column type=\u00a0\u00bb1_2&Prime;][\/et_pb_column][et_pb_column type=\u00a0\u00bb1_2&Prime;][\/et_pb_column][\/et_pb_row][\/et_pb_section][et_pb_section bb_built=\u00a0\u00bb1&Prime; fullwidth=\u00a0\u00bboff\u00a0\u00bb specialty=\u00a0\u00bboff\u00a0\u00bb][et_pb_row background_position=\u00a0\u00bbtop_left\u00a0\u00bb background_repeat=\u00a0\u00bbrepeat\u00a0\u00bb background_size=\u00a0\u00bbinitial\u00a0\u00bb][et_pb_column type=\u00a0\u00bb1_2&Prime;][et_pb_image src=\u00a0\u00bbhttp:\/\/magriffeetmaplume.com\/wp-content\/uploads\/2015\/07\/a5flyerMagriffeetmaplumeAtimco.jpg\u00a0\u00bb show_in_lightbox=\u00a0\u00bboff\u00a0\u00bb url_new_window=\u00a0\u00bboff\u00a0\u00bb use_overlay=\u00a0\u00bboff\u00a0\u00bb animation=\u00a0\u00bbleft\u00a0\u00bb sticky=\u00a0\u00bboff\u00a0\u00bb align=\u00a0\u00bbleft\u00a0\u00bb force_fullwidth=\u00a0\u00bboff\u00a0\u00bb always_center_on_mobile=\u00a0\u00bbon\u00a0\u00bb use_border_color=\u00a0\u00bboff\u00a0\u00bb border_color=\u00a0\u00bb#ffffff\u00a0\u00bb border_style=\u00a0\u00bbsolid\u00a0\u00bb \/][\/et_pb_column][et_pb_column type=\u00a0\u00bb1_2&Prime;][et_pb_code admin_label=\u00a0\u00bbPAGE FACEBOOK\u00a0\u00bb _builder_version=\u00a0\u00bb3.0.69&Prime;]&lt;div class=\u00a0\u00bbfb-page&#160;\u00bb data-href=\u00a0\u00bbhttps:\/\/www.facebook.com\/magriffeetmaplume&#160;\u00bb data-tabs=\u00a0\u00bbtimeline&#160;\u00bb data-small-header=\u00a0\u00bbfalse&#160;\u00bb data-adapt-container-width=\u00a0\u00bbtrue&#160;\u00bb data-hide-cover=\u00a0\u00bbfalse&#160;\u00bb data-show-facepile=\u00a0\u00bbtrue&#160;\u00bb&gt;&lt;div class=\u00a0\u00bbfb-xfbml-parse-ignore&#160;\u00bb&gt;&lt;blockquote cite=\u00a0\u00bbhttps:\/\/www.facebook.com\/magriffeetmaplume&#160;\u00bb&gt;&lt;a href=\u00a0\u00bbhttps:\/\/www.facebook.com\/magriffeetmaplume&#160;\u00bb&gt;Ma griffe et ma plume&lt;\/a&gt;&lt;\/blockquote&gt;&lt;\/div&gt;&lt;\/div&gt;[\/et_pb_code][\/et_pb_column][\/et_pb_row][et_pb_row background_position=\u00a0\u00bbtop_left\u00a0\u00bb background_repeat=\u00a0\u00bbrepeat\u00a0\u00bb background_size=\u00a0\u00bbinitial\u00a0\u00bb][et_pb_column type=\u00a0\u00bb4_4&Prime;][et_pb_divider color=\u00a0\u00bb#ffffff\u00a0\u00bb show_divider=\u00a0\u00bboff\u00a0\u00bb height=\u00a0\u00bb40&Prime; divider_style=\u00a0\u00bbsolid\u00a0\u00bb divider_position=\u00a0\u00bbtop\u00a0\u00bb hide_on_mobile=\u00a0\u00bbon\u00a0\u00bb \/][\/et_pb_column][\/et_pb_row][et_pb_row background_position=\u00a0\u00bbtop_left\u00a0\u00bb background_repeat=\u00a0\u00bbrepeat\u00a0\u00bb background_size=\u00a0\u00bbinitial\u00a0\u00bb][et_pb_column type=\u00a0\u00bb1_4&Prime;][\/et_pb_column][et_pb_column type=\u00a0\u00bb1_2&Prime;][et_pb_image src=\u00a0\u00bbhttp:\/\/magriffeetmaplume.com\/wp-content\/uploads\/2015\/07\/VERSOa5flyerMagriffeetmaplumeAtimco.jpg\u00a0\u00bb show_in_lightbox=\u00a0\u00bboff\u00a0\u00bb url_new_window=\u00a0\u00bboff\u00a0\u00bb use_overlay=\u00a0\u00bboff\u00a0\u00bb animation=\u00a0\u00bbleft\u00a0\u00bb sticky=\u00a0\u00bboff\u00a0\u00bb align=\u00a0\u00bbleft\u00a0\u00bb force_fullwidth=\u00a0\u00bboff\u00a0\u00bb always_center_on_mobile=\u00a0\u00bbon\u00a0\u00bb use_border_color=\u00a0\u00bboff\u00a0\u00bb border_color=\u00a0\u00bb#ffffff\u00a0\u00bb border_style=\u00a0\u00bbsolid\u00a0\u00bb \/][et_pb_divider color=\u00a0\u00bb#ffffff\u00a0\u00bb show_divider=\u00a0\u00bboff\u00a0\u00bb height=\u00a0\u00bb20&Prime; divider_style=\u00a0\u00bbsolid\u00a0\u00bb divider_position=\u00a0\u00bbtop\u00a0\u00bb hide_on_mobile=\u00a0\u00bbon\u00a0\u00bb \/][\/et_pb_column][et_pb_column type=\u00a0\u00bb1_4&Prime;][\/et_pb_column][\/et_pb_row][\/et_pb_section][et_pb_section bb_built=\u00a0\u00bb1&Prime; fullwidth=\u00a0\u00bboff\u00a0\u00bb specialty=\u00a0\u00bboff\u00a0\u00bb transparent_background=\u00a0\u00bbon\u00a0\u00bb background_color=\u00a0\u00bb#ffffff\u00a0\u00bb allow_player_pause=\u00a0\u00bboff\u00a0\u00bb inner_shadow=\u00a0\u00bboff\u00a0\u00bb parallax=\u00a0\u00bboff\u00a0\u00bb parallax_method=\u00a0\u00bboff\u00a0\u00bb padding_mobile=\u00a0\u00bboff\u00a0\u00bb make_fullwidth=\u00a0\u00bboff\u00a0\u00bb use_custom_width=\u00a0\u00bboff\u00a0\u00bb width_unit=\u00a0\u00bbon\u00a0\u00bb make_equal=\u00a0\u00bboff\u00a0\u00bb use_custom_gutter=\u00a0\u00bboff\u00a0\u00bb][et_pb_row background_position=\u00a0\u00bbtop_left\u00a0\u00bb background_repeat=\u00a0\u00bbrepeat\u00a0\u00bb background_size=\u00a0\u00bbinitial\u00a0\u00bb][et_pb_column type=\u00a0\u00bb1_4&Prime;][\/et_pb_column][et_pb_column type=\u00a0\u00bb1_2&Prime;][et_pb_code admin_label=\u00a0\u00bbCode page facebook vepe\u00a0\u00bb _builder_version=\u00a0\u00bb3.0.69&Prime;]&lt;div class=\u00a0\u00bbfb-page&#160;\u00bb data-href=\u00a0\u00bbhttps:\/\/www.facebook.com\/Vivre-en-Paix-Ensemble-772875469414155\/&#160;\u00bb data-tabs=\u00a0\u00bbtimeline&#160;\u00bb data-small-header=\u00a0\u00bbfalse&#160;\u00bb data-adapt-container-width=\u00a0\u00bbtrue&#160;\u00bb data-hide-cover=\u00a0\u00bbfalse&#160;\u00bb data-show-facepile=\u00a0\u00bbtrue&#160;\u00bb&gt;&lt;blockquote cite=\u00a0\u00bbhttps:\/\/www.facebook.com\/Vivre-en-Paix-Ensemble-772875469414155\/&#160;\u00bb class=\u00a0\u00bbfb-xfbml-parse-ignore&#160;\u00bb&gt;&lt;a href=\u00a0\u00bbhttps:\/\/www.facebook.com\/Vivre-en-Paix-Ensemble-772875469414155\/&#160;\u00bb&gt;Vivre en Paix Ensemble&lt;\/a&gt;&lt;\/blockquote&gt;&lt;\/div&gt;[\/et_pb_code][\/et_pb_column][et_pb_column type=\u00a0\u00bb1_4&Prime;][et_pb_text background_layout=\u00a0\u00bblight\u00a0\u00bb text_orientation=\u00a0\u00bbleft\u00a0\u00bb use_border_color=\u00a0\u00bboff\u00a0\u00bb border_color=\u00a0\u00bb#ffffff\u00a0\u00bb border_style=\u00a0\u00bbsolid\u00a0\u00bb background_position=\u00a0\u00bbtop_left\u00a0\u00bb background_repeat=\u00a0\u00bbrepeat\u00a0\u00bb background_size=\u00a0\u00bbinitial\u00a0\u00bb]<\/p>\n<p><strong>Vivre en Paix Ensemble<\/strong> est une association cr\u00e9\u00e9e par Magda Hollander Lafon et quelques proches, suite \u00e0 un tr\u00e8s beau voyage en faveur de la paix au Proche-Orient. Sur le site et la page Facebook, nous relayons les actions que nous pr\u00e9parons ou soutenons en 2016 et pour 2017, et celles pour laquelle nous avons un coup de coeur, \u00e0 Rennes, en Bretagne ou ailleurs.<\/p>\n<p>[\/et_pb_text][\/et_pb_column][\/et_pb_row][et_pb_row background_position=\u00a0\u00bbtop_left\u00a0\u00bb background_repeat=\u00a0\u00bbrepeat\u00a0\u00bb background_size=\u00a0\u00bbinitial\u00a0\u00bb][et_pb_column type=\u00a0\u00bb4_4&Prime;][et_pb_divider color=\u00a0\u00bb#ffffff\u00a0\u00bb show_divider=\u00a0\u00bboff\u00a0\u00bb height=\u00a0\u00bb30&Prime; divider_style=\u00a0\u00bbsolid\u00a0\u00bb divider_position=\u00a0\u00bbtop\u00a0\u00bb hide_on_mobile=\u00a0\u00bbon\u00a0\u00bb \/][\/et_pb_column][\/et_pb_row][et_pb_row background_position=\u00a0\u00bbtop_left\u00a0\u00bb background_repeat=\u00a0\u00bbrepeat\u00a0\u00bb background_size=\u00a0\u00bbinitial\u00a0\u00bb][et_pb_column type=\u00a0\u00bb4_4&Prime;][et_pb_text background_layout=\u00a0\u00bblight\u00a0\u00bb text_orientation=\u00a0\u00bbleft\u00a0\u00bb use_border_color=\u00a0\u00bboff\u00a0\u00bb border_color=\u00a0\u00bb#ffffff\u00a0\u00bb border_style=\u00a0\u00bbsolid\u00a0\u00bb text_font_size=\u00a0\u00bb14&Prime; background_position=\u00a0\u00bbtop_left\u00a0\u00bb background_repeat=\u00a0\u00bbrepeat\u00a0\u00bb background_size=\u00a0\u00bbinitial\u00a0\u00bb _builder_version=\u00a0\u00bb3.0.69&Prime;]<\/p>\n<h5 style=\"text-align: center;\"><span style=\"color: #ffcc00;\">Marie-H\u00e9l\u00e8ne SIRAN<\/span><\/h5>\n<p style=\"text-align: center;\"><strong>Combourg &#8211; T\u00e9l.&#160;: 02 99 89 92 07<\/strong><\/p>\n<p>[\/et_pb_text][\/et_pb_column][\/et_pb_row][\/et_pb_section]<\/p>\n","protected":false},"excerpt":{"rendered":"<p>&nbsp; Communication web et print Je\u00a0vous conseille et vous guide dans le choix de la communication la plus adapt\u00e9e \u00e0 votre activit\u00e9 et \u00e0 votre budget. En me mettant \u00e0 l&rsquo;\u00e9coute\u00a0de\u00a0vos besoins, pour\u00a0vous proposer une offre\u00a0personnalis\u00e9e et globale,\u00a0des supports et\u00a0des\u00a0outils qui correspondront aux objectifs de votre entreprise\u00a0comme \u00e0 votre\u00a0personnalit\u00e9. Vous cherchez \u00e0 d\u00e9marrer, am\u00e9liorer\u00a0votre pr\u00e9sence [&hellip;]<\/p>\n","protected":false},"author":1,"featured_media":0,"parent":0,"menu_order":0,"comment_status":"open","ping_status":"open","template":"","meta":{"_et_pb_use_builder":"on","_et_pb_old_content":"","_et_gb_content_width":"","_monsterinsights_skip_tracking":false,"_monsterinsights_sitenote_active":false,"_monsterinsights_sitenote_note":"","_monsterinsights_sitenote_category":0,"footnotes":""},"class_list":["post-69","page","type-page","status-publish","hentry"],"aioseo_notices":[],"_links":{"self":[{"href":"https:\/\/magriffeetmaplume.com\/index.php?rest_route=\/wp\/v2\/pages\/69","targetHints":{"allow":["GET"]}}],"collection":[{"href":"https:\/\/magriffeetmaplume.com\/index.php?rest_route=\/wp\/v2\/pages"}],"about":[{"href":"https:\/\/magriffeetmaplume.com\/index.php?rest_route=\/wp\/v2\/types\/page"}],"author":[{"embeddable":true,"href":"https:\/\/magriffeetmaplume.com\/index.php?rest_route=\/wp\/v2\/users\/1"}],"replies":[{"embeddable":true,"href":"https:\/\/magriffeetmaplume.com\/index.php?rest_route=%2Fwp%2Fv2%2Fcomments&post=69"}],"version-history":[{"count":197,"href":"https:\/\/magriffeetmaplume.com\/index.php?rest_route=\/wp\/v2\/pages\/69\/revisions"}],"predecessor-version":[{"id":2151,"href":"https:\/\/magriffeetmaplume.com\/index.php?rest_route=\/wp\/v2\/pages\/69\/revisions\/2151"}],"wp:attachment":[{"href":"https:\/\/magriffeetmaplume.com\/index.php?rest_route=%2Fwp%2Fv2%2Fmedia&parent=69"}],"curies":[{"name":"wp","href":"https:\/\/api.w.org\/{rel}","templated":true}]}}